{"id":3813,"date":"2023-07-18T13:14:03","date_gmt":"2023-07-18T13:14:03","guid":{"rendered":"https:\/\/ampersol.com\/trgovina\/Bez%20kategorije\/elektricna-invalidska-kolica-za-penjanje-stepenicama\/"},"modified":"2024-04-08T19:44:19","modified_gmt":"2024-04-08T19:44:19","slug":"elektricna-invalidska-kolica-za-penjanje-stepenicama","status":"publish","type":"product","link":"https:\/\/ampersol.com\/hr\/trgovina\/stroji-in-orodja-hr\/medicinska-oprema-hr\/elektricna-invalidska-kolica-za-penjanje-stepenicama\/","title":{"rendered":"Elektri\u010dna invalidska kolica za penjanje stepenicama"},"content":{"rendered":"<div class=\"flex flex-grow flex-col gap-3\">\n<div class=\"min-h-[20px] flex items-start overflow-x-auto whitespace-pre-wrap break-words flex-col gap-4\">\n<div class=\"markdown prose w-full break-words dark:prose-invert light\">\n<p>Pove\u0107ajte mobilnost s na\u0161im elektri\u010dnim invalidskim kolicima za penjanje stepenicama<\/p>\n<p>Tehni\u010dki podaci:<\/p>\n<ul>\n<li>Materijal: aluminijska legura<\/li>\n<li>Motor: 120W<\/li>\n<li>Punjiva baterija: 13AH; 24V<\/li>\n<li>Kapacitet penjanja: 80 katova<\/li>\n<li>Nosivost: 180 kg \/ 396 lbs<\/li>\n<li>Indikator baterije: Da<\/li>\n<li>Sklopljena veli\u010dina: 39,7 x 19&#8243;<\/li>\n<li>Te\u017eina proizvoda: 38 kg \/ 83,8 lbs<\/li>\n<li>Jamstvo: 2 godine<\/li>\n<\/ul>\n<p>Sadr\u017eaj paketa:<\/p>\n<ul>\n<li>1 x elektri\u010dna invalidska kolica za penjanje po stepenicama<\/li>\n<li>1 x komplet baterija<\/li>\n<li>1 x set pribora<\/li>\n<\/ul>\n<p>Zna\u010dajke i pojedinosti:<\/p>\n<p>Penja\u010d za stepenice dvostruke namjene:<\/p>\n<p>Iskusite svestranost s na\u0161im penja\u010dem za stepenice od aluminijske legure. S mogu\u0107no\u0161\u0107u penjanja od 80 katova (jedno punjenje), ova lagana i nepokvarena elektri\u010dna invalidska kolica tako\u0111er se mogu transformirati u nosila za hitne slu\u010dajeve jednostavnim izvla\u010denjem stra\u017enje ograde. Nudi prakti\u010dnost i pomo\u0107 koja \u0161tedi rad.<\/p>\n<p>Elektri\u010dno podizanje\/spu\u0161tanje poda:<\/p>\n<p>Napajan sna\u017enim AC motorom od 100-240 V 80 W i punjivom litijskom baterijom od 29,4 V \/ 2,0 A, na\u0161 dizalo za stepenice ima sustav pra\u0107enja poput spremnika koji omogu\u0107uje glatko podizanje i spu\u0161tanje bez napora brzinom od 0,8 m\/s. Recite zbogom povla\u010denju ili povla\u010denju jer se ova sede\u017enica bez napora penje do 80 katova s \u200b\u200bjednim punjenjem.<\/p>\n<p>Visoka stabilnost i sigurnost:<\/p>\n<p>Prioritet nam je va\u0161a sigurnost i du\u0161evni mir. Na\u0161a penjalica za stepenice opremljena je nadogra\u0111enim sigurnosnim pojasom kako bi se osigurala visoka sigurnost i sprije\u010dili slu\u010dajevi ispu\u0161tanja. S maksimalnom nosivo\u0161\u0107u od 180 kg \/ 396 lbs, prednji kota\u010di\u0107 od 360\u00b0 i stra\u017enji kota\u010di (s ko\u010dnicama) pru\u017eaju stabilnost i jednostavno manevriranje. Upravlja\u010dka plo\u010da omogu\u0107uje vam prebacivanje izme\u0111u &#8220;Gore&#8221;, &#8220;Dolje&#8221;, &#8220;Uklju\u010divanje\/isklju\u010divanje&#8221;, &#8220;Svjetlo&#8221; i pra\u0107enje ja\u010dine baterije.<\/p>\n<p>Fini detalji i materijal:<\/p>\n<p>Na\u0161a elektri\u010dna invalidska kolica za penjanje po stepenicama imaju niz prakti\u010dnih funkcija, uklju\u010duju\u0107i rastezljive prednje ograde, oslonac za noge, naslon za glavu, sklopive poluge za guranje i naslon za ruke. Odvojiva baterija omogu\u0107uje jednostavno punjenje, dok funkcija zaklju\u010davanja s klju\u010devima osigurava za\u0161titu od kra\u0111e. Pozornost posve\u0107ena detaljima i kvalitetnim materijalima vidljivi su u cijelom objektu.<\/p>\n<p>\u0160iroke primjene:<\/p>\n<p>Sa svojim sklopivim dizajnom, na\u0161a stolica za stepenice \u0161tedi prostor i idealna je za skladi\u0161tenje i transport. Prvenstveno se koristi za prijenos pacijenata gore i dolje u visokim zgradama. Bilo da se koriste u domovima, bolnicama, hitnim slu\u017ebama, vatrogasnim slu\u017ebama ili slu\u017ebama hitne pomo\u0107i, na\u0161a elektri\u010dna invalidska kolica za penjanje stepenicama pouzdano su i svestrano rje\u0161enje.<\/p>\n<p>Ulo\u017eite u sigurnost i prakti\u010dnost s na\u0161im \u010dvrstim elektri\u010dnim dizalom za stepenice:<\/p>\n<p>Na\u0161a profesionalna evakuacijska stolica za stepenice omogu\u0107uje besprijekoran prijenos pacijenata u visokim zgradama. S motoriziranim dizalom, sustavom protiv klizanja i prakti\u010dnom kontrolnom plo\u010dom, \u010dini kretanje stepenicama bez napora. Izra\u0111en od vrhunske aluminijske legure, kombinira lagani dizajn s visokom izdr\u017eljivo\u0161\u0107u. Ne propustite ovaj izuzetan proizvod!<\/p>\n<p>Napomena: Ovaj proizvod je prikladan za stepenice \u0161irine \u226585 cm. Prije kupnje pa\u017eljivo provjerite veli\u010dinu proizvoda, te\u017einu i dimenzije stepenica kojima odgovara. Bitno je osigurati kompatibilnost.<\/p>\n<\/div>\n<\/div>\n<\/div>\n","protected":false},"excerpt":{"rendered":"<p>Pove\u0107ajte mobilnost s na\u0161im elektri\u010dnim invalidskim kolicima za penjanje stepenicama Tehni\u010dki podaci: Materijal: aluminijska legura Motor: 120W Punjiva baterija: 13AH;<\/p>\n","protected":false},"featured_media":3814,"comment_status":"open","ping_status":"closed","template":"","meta":[],"product_cat":[373],"product_tag":[],"class_list":{"0":"post-3813","1":"product","2":"type-product","3":"status-publish","4":"has-post-thumbnail","6":"product_cat-medicinska-oprema-hr","8":"first","9":"instock","10":"taxable","11":"shipping-taxable","12":"purchasable","13":"product-type-simple"},"yoast_head":"<!-- This site is optimized with the Yoast SEO plugin v24.1 - https:\/\/yoast.com\/wordpress\/plugins\/seo\/ -->\n<title>Elektri\u010dna invalidska kolica za penjanje stepenicama - Amper Sol d.o.o.<\/title>\n<meta name=\"robots\" content=\"index, follow, max-snippet:-1, max-image-preview:large, max-video-preview:-1\" \/>\n<link rel=\"canonical\" href=\"https:\/\/ampersol.com\/hr\/trgovina\/stroji-in-orodja-hr\/medicinska-oprema-hr\/elektricna-invalidska-kolica-za-penjanje-stepenicama\/\" \/>\n<meta property=\"og:locale\" content=\"hr_HR\" \/>\n<meta property=\"og:type\" content=\"article\" \/>\n<meta property=\"og:title\" content=\"Elektri\u010dna invalidska kolica za penjanje stepenicama - Amper Sol d.o.o.\" \/>\n<meta property=\"og:description\" content=\"Pove\u0107ajte mobilnost s na\u0161im elektri\u010dnim invalidskim kolicima za penjanje stepenicama Tehni\u010dki podaci: Materijal: aluminijska legura Motor: 120W Punjiva baterija: 13AH;\" \/>\n<meta property=\"og:url\" content=\"https:\/\/ampersol.com\/hr\/trgovina\/stroji-in-orodja-hr\/medicinska-oprema-hr\/elektricna-invalidska-kolica-za-penjanje-stepenicama\/\" \/>\n<meta property=\"og:site_name\" content=\"Amper Sol d.o.o.\" \/>\n<meta property=\"article:modified_time\" content=\"2024-04-08T19:44:19+00:00\" \/>\n<meta property=\"og:image\" content=\"https:\/\/ampersol.com\/wp-content\/uploads\/2023\/07\/1-2.png\" \/>\n\t<meta property=\"og:image:width\" content=\"539\" \/>\n\t<meta property=\"og:image:height\" content=\"572\" \/>\n\t<meta property=\"og:image:type\" content=\"image\/png\" \/>\n<meta name=\"twitter:card\" content=\"summary_large_image\" \/>\n<meta name=\"twitter:label1\" content=\"Procijenjeno vrijeme \u010ditanja\" \/>\n\t<meta name=\"twitter:data1\" content=\"3 minute\" \/>\n<script type=\"application\/ld+json\" class=\"yoast-schema-graph\">{\"@context\":\"https:\/\/schema.org\",\"@graph\":[{\"@type\":\"WebPage\",\"@id\":\"https:\/\/ampersol.com\/hr\/trgovina\/stroji-in-orodja-hr\/medicinska-oprema-hr\/elektricna-invalidska-kolica-za-penjanje-stepenicama\/\",\"url\":\"https:\/\/ampersol.com\/hr\/trgovina\/stroji-in-orodja-hr\/medicinska-oprema-hr\/elektricna-invalidska-kolica-za-penjanje-stepenicama\/\",\"name\":\"Elektri\u010dna invalidska kolica za penjanje stepenicama - Amper Sol d.o.o.\",\"isPartOf\":{\"@id\":\"https:\/\/ampersol.com\/hr\/#website\"},\"primaryImageOfPage\":{\"@id\":\"https:\/\/ampersol.com\/hr\/trgovina\/stroji-in-orodja-hr\/medicinska-oprema-hr\/elektricna-invalidska-kolica-za-penjanje-stepenicama\/#primaryimage\"},\"image\":{\"@id\":\"https:\/\/ampersol.com\/hr\/trgovina\/stroji-in-orodja-hr\/medicinska-oprema-hr\/elektricna-invalidska-kolica-za-penjanje-stepenicama\/#primaryimage\"},\"thumbnailUrl\":\"https:\/\/ampersol.com\/wp-content\/uploads\/2023\/07\/1-2.png\",\"datePublished\":\"2023-07-18T13:14:03+00:00\",\"dateModified\":\"2024-04-08T19:44:19+00:00\",\"breadcrumb\":{\"@id\":\"https:\/\/ampersol.com\/hr\/trgovina\/stroji-in-orodja-hr\/medicinska-oprema-hr\/elektricna-invalidska-kolica-za-penjanje-stepenicama\/#breadcrumb\"},\"inLanguage\":\"hr\",\"potentialAction\":[{\"@type\":\"ReadAction\",\"target\":[\"https:\/\/ampersol.com\/hr\/trgovina\/stroji-in-orodja-hr\/medicinska-oprema-hr\/elektricna-invalidska-kolica-za-penjanje-stepenicama\/\"]}]},{\"@type\":\"ImageObject\",\"inLanguage\":\"hr\",\"@id\":\"https:\/\/ampersol.com\/hr\/trgovina\/stroji-in-orodja-hr\/medicinska-oprema-hr\/elektricna-invalidska-kolica-za-penjanje-stepenicama\/#primaryimage\",\"url\":\"https:\/\/ampersol.com\/wp-content\/uploads\/2023\/07\/1-2.png\",\"contentUrl\":\"https:\/\/ampersol.com\/wp-content\/uploads\/2023\/07\/1-2.png\",\"width\":539,\"height\":572},{\"@type\":\"BreadcrumbList\",\"@id\":\"https:\/\/ampersol.com\/hr\/trgovina\/stroji-in-orodja-hr\/medicinska-oprema-hr\/elektricna-invalidska-kolica-za-penjanje-stepenicama\/#breadcrumb\",\"itemListElement\":[{\"@type\":\"ListItem\",\"position\":1,\"name\":\"Home\",\"item\":\"https:\/\/ampersol.com\/hr\/\"},{\"@type\":\"ListItem\",\"position\":2,\"name\":\"Trgovina\",\"item\":\"https:\/\/ampersol.com\/hr\/trgovina\/\"},{\"@type\":\"ListItem\",\"position\":3,\"name\":\"Elektri\u010dna invalidska kolica za penjanje stepenicama\"}]},{\"@type\":\"WebSite\",\"@id\":\"https:\/\/ampersol.com\/hr\/#website\",\"url\":\"https:\/\/ampersol.com\/hr\/\",\"name\":\"Amper Sol d.o.o.\",\"description\":\"Prodaja, servis in storitve\",\"publisher\":{\"@id\":\"https:\/\/ampersol.com\/hr\/#organization\"},\"potentialAction\":[{\"@type\":\"SearchAction\",\"target\":{\"@type\":\"EntryPoint\",\"urlTemplate\":\"https:\/\/ampersol.com\/hr\/?s={search_term_string}\"},\"query-input\":{\"@type\":\"PropertyValueSpecification\",\"valueRequired\":true,\"valueName\":\"search_term_string\"}}],\"inLanguage\":\"hr\"},{\"@type\":\"Organization\",\"@id\":\"https:\/\/ampersol.com\/hr\/#organization\",\"name\":\"Amper Sol d.o.o.\",\"url\":\"https:\/\/ampersol.com\/hr\/\",\"logo\":{\"@type\":\"ImageObject\",\"inLanguage\":\"hr\",\"@id\":\"https:\/\/ampersol.com\/hr\/#\/schema\/logo\/image\/\",\"url\":\"https:\/\/ampersol.com\/wp-content\/uploads\/2022\/06\/cropped-deni-logo-1-303x71-1.png\",\"contentUrl\":\"https:\/\/ampersol.com\/wp-content\/uploads\/2022\/06\/cropped-deni-logo-1-303x71-1.png\",\"width\":303,\"height\":71,\"caption\":\"Amper Sol d.o.o.\"},\"image\":{\"@id\":\"https:\/\/ampersol.com\/hr\/#\/schema\/logo\/image\/\"}}]}<\/script>\n<!-- \/ Yoast SEO plugin. -->","yoast_head_json":{"title":"Elektri\u010dna invalidska kolica za penjanje stepenicama - Amper Sol d.o.o.","robots":{"index":"index","follow":"follow","max-snippet":"max-snippet:-1","max-image-preview":"max-image-preview:large","max-video-preview":"max-video-preview:-1"},"canonical":"https:\/\/ampersol.com\/hr\/trgovina\/stroji-in-orodja-hr\/medicinska-oprema-hr\/elektricna-invalidska-kolica-za-penjanje-stepenicama\/","og_locale":"hr_HR","og_type":"article","og_title":"Elektri\u010dna invalidska kolica za penjanje stepenicama - Amper Sol d.o.o.","og_description":"Pove\u0107ajte mobilnost s na\u0161im elektri\u010dnim invalidskim kolicima za penjanje stepenicama Tehni\u010dki podaci: Materijal: aluminijska legura Motor: 120W Punjiva baterija: 13AH;","og_url":"https:\/\/ampersol.com\/hr\/trgovina\/stroji-in-orodja-hr\/medicinska-oprema-hr\/elektricna-invalidska-kolica-za-penjanje-stepenicama\/","og_site_name":"Amper Sol d.o.o.","article_modified_time":"2024-04-08T19:44:19+00:00","og_image":[{"width":539,"height":572,"url":"https:\/\/ampersol.com\/wp-content\/uploads\/2023\/07\/1-2.png","type":"image\/png"}],"twitter_card":"summary_large_image","twitter_misc":{"Procijenjeno vrijeme \u010ditanja":"3 minute"},"schema":{"@context":"https:\/\/schema.org","@graph":[{"@type":"WebPage","@id":"https:\/\/ampersol.com\/hr\/trgovina\/stroji-in-orodja-hr\/medicinska-oprema-hr\/elektricna-invalidska-kolica-za-penjanje-stepenicama\/","url":"https:\/\/ampersol.com\/hr\/trgovina\/stroji-in-orodja-hr\/medicinska-oprema-hr\/elektricna-invalidska-kolica-za-penjanje-stepenicama\/","name":"Elektri\u010dna invalidska kolica za penjanje stepenicama - Amper Sol d.o.o.","isPartOf":{"@id":"https:\/\/ampersol.com\/hr\/#website"},"primaryImageOfPage":{"@id":"https:\/\/ampersol.com\/hr\/trgovina\/stroji-in-orodja-hr\/medicinska-oprema-hr\/elektricna-invalidska-kolica-za-penjanje-stepenicama\/#primaryimage"},"image":{"@id":"https:\/\/ampersol.com\/hr\/trgovina\/stroji-in-orodja-hr\/medicinska-oprema-hr\/elektricna-invalidska-kolica-za-penjanje-stepenicama\/#primaryimage"},"thumbnailUrl":"https:\/\/ampersol.com\/wp-content\/uploads\/2023\/07\/1-2.png","datePublished":"2023-07-18T13:14:03+00:00","dateModified":"2024-04-08T19:44:19+00:00","breadcrumb":{"@id":"https:\/\/ampersol.com\/hr\/trgovina\/stroji-in-orodja-hr\/medicinska-oprema-hr\/elektricna-invalidska-kolica-za-penjanje-stepenicama\/#breadcrumb"},"inLanguage":"hr","potentialAction":[{"@type":"ReadAction","target":["https:\/\/ampersol.com\/hr\/trgovina\/stroji-in-orodja-hr\/medicinska-oprema-hr\/elektricna-invalidska-kolica-za-penjanje-stepenicama\/"]}]},{"@type":"ImageObject","inLanguage":"hr","@id":"https:\/\/ampersol.com\/hr\/trgovina\/stroji-in-orodja-hr\/medicinska-oprema-hr\/elektricna-invalidska-kolica-za-penjanje-stepenicama\/#primaryimage","url":"https:\/\/ampersol.com\/wp-content\/uploads\/2023\/07\/1-2.png","contentUrl":"https:\/\/ampersol.com\/wp-content\/uploads\/2023\/07\/1-2.png","width":539,"height":572},{"@type":"BreadcrumbList","@id":"https:\/\/ampersol.com\/hr\/trgovina\/stroji-in-orodja-hr\/medicinska-oprema-hr\/elektricna-invalidska-kolica-za-penjanje-stepenicama\/#breadcrumb","itemListElement":[{"@type":"ListItem","position":1,"name":"Home","item":"https:\/\/ampersol.com\/hr\/"},{"@type":"ListItem","position":2,"name":"Trgovina","item":"https:\/\/ampersol.com\/hr\/trgovina\/"},{"@type":"ListItem","position":3,"name":"Elektri\u010dna invalidska kolica za penjanje stepenicama"}]},{"@type":"WebSite","@id":"https:\/\/ampersol.com\/hr\/#website","url":"https:\/\/ampersol.com\/hr\/","name":"Amper Sol d.o.o.","description":"Prodaja, servis in storitve","publisher":{"@id":"https:\/\/ampersol.com\/hr\/#organization"},"potentialAction":[{"@type":"SearchAction","target":{"@type":"EntryPoint","urlTemplate":"https:\/\/ampersol.com\/hr\/?s={search_term_string}"},"query-input":{"@type":"PropertyValueSpecification","valueRequired":true,"valueName":"search_term_string"}}],"inLanguage":"hr"},{"@type":"Organization","@id":"https:\/\/ampersol.com\/hr\/#organization","name":"Amper Sol d.o.o.","url":"https:\/\/ampersol.com\/hr\/","logo":{"@type":"ImageObject","inLanguage":"hr","@id":"https:\/\/ampersol.com\/hr\/#\/schema\/logo\/image\/","url":"https:\/\/ampersol.com\/wp-content\/uploads\/2022\/06\/cropped-deni-logo-1-303x71-1.png","contentUrl":"https:\/\/ampersol.com\/wp-content\/uploads\/2022\/06\/cropped-deni-logo-1-303x71-1.png","width":303,"height":71,"caption":"Amper Sol d.o.o."},"image":{"@id":"https:\/\/ampersol.com\/hr\/#\/schema\/logo\/image\/"}}]}},"_links":{"self":[{"href":"https:\/\/ampersol.com\/hr\/wp-json\/wp\/v2\/product\/3813","targetHints":{"allow":["GET"]}}],"collection":[{"href":"https:\/\/ampersol.com\/hr\/wp-json\/wp\/v2\/product"}],"about":[{"href":"https:\/\/ampersol.com\/hr\/wp-json\/wp\/v2\/types\/product"}],"replies":[{"embeddable":true,"href":"https:\/\/ampersol.com\/hr\/wp-json\/wp\/v2\/comments?post=3813"}],"wp:featuredmedia":[{"embeddable":true,"href":"https:\/\/ampersol.com\/hr\/wp-json\/wp\/v2\/media\/3814"}],"wp:attachment":[{"href":"https:\/\/ampersol.com\/hr\/wp-json\/wp\/v2\/media?parent=3813"}],"wp:term":[{"taxonomy":"product_cat","embeddable":true,"href":"https:\/\/ampersol.com\/hr\/wp-json\/wp\/v2\/product_cat?post=3813"},{"taxonomy":"product_tag","embeddable":true,"href":"https:\/\/ampersol.com\/hr\/wp-json\/wp\/v2\/product_tag?post=3813"}],"curies":[{"name":"wp","href":"https:\/\/api.w.org\/{rel}","templated":true}]}}